{"id":27,"date":"2026-04-07T23:07:05","date_gmt":"2026-04-07T23:07:05","guid":{"rendered":"https:\/\/inspanishmedia.com\/portfolio\/"},"modified":"2026-04-08T10:22:13","modified_gmt":"2026-04-08T15:22:13","slug":"portfolio","status":"publish","type":"page","link":"https:\/\/inspanishmedia.com\/es_es\/portfolio\/","title":{"rendered":"Carpeta de Trabajos"},"content":{"rendered":"<div class=\"wp-block-group alignfull is-style-ext-preset--group--natural-1--section has-background-background-color has-background has-global-padding is-layout-constrained wp-container-core-group-is-layout-7276a2bb wp-block-group-is-layout-constrained\" style=\"margin-top:0;margin-bottom:0;padding-top:var(--wp--preset--spacing--60);padding-right:var(--wp--preset--spacing--30);padding-bottom:var(--wp--preset--spacing--60);padding-left:var(--wp--preset--spacing--30)\">\n<div class=\"wp-block-media-text alignwide has-media-on-the-right is-stacked-on-mobile is-image-fill-element is-style-ext-preset--media-text--natural-1--card-1 ext-animate--on has-tertiary-background-color has-background is-style-ext-preset--media-text--natural-1--card-1--2\" style=\"grid-template-columns:auto 37%\"><div class=\"wp-block-media-text__content\">\n<div class=\"wp-block-group has-global-padding is-layout-constrained wp-container-core-group-is-layout-f95f14ed wp-block-group-is-layout-constrained\" style=\"padding-top:var(--wp--preset--spacing--55);padding-right:var(--wp--preset--spacing--50);padding-bottom:var(--wp--preset--spacing--55);padding-left:var(--wp--preset--spacing--50)\">\n<h2 class=\"wp-block-heading has-large-font-size\">Somos Productores de Medios<\/h2>\n\n\n\n<p style=\"margin-top:8px\"><em>Visual Content Creators and Pioneers in Spanish Language Media<\/em><\/p>\n\n\n\n<p style=\"margin-top:16px\">Desde 1997, Productor Ejecutivo Jaime Klein ha estado en la vanguardia de medios en el idioma espa\u00f1ol desde emisoras de radio pioneras a periodismo impreso a noticieros con reportajes en video y foto. Un dise\u00f1ador gr\u00e1fico galardonado, Klein ha trabajado con artistas ganadores del Grammy, Latin Grammy, el Juno Canadiense en espacios culturales, ha manejado campa\u00f1as de marketing y dise\u00f1o de contenidos para Festivales de Cine, C\u00e1maras de Comercio, y Organizaciones y Empresas, as\u00ed como ha entrevistado a celebridades, pol\u00edticos y personas de inter\u00e9s de alrededor del mundo.<\/p>\n<\/div>\n<\/div><figure class=\"wp-block-media-text__media\"><img loading=\"lazy\" decoding=\"async\" width=\"1024\" height=\"768\" src=\"https:\/\/inspanishmedia.com\/wp-content\/uploads\/2026\/04\/IMG_9845-1024x768.jpg\" alt=\"\" class=\"wp-image-104 size-full\" style=\"object-position:50% 50%\" srcset=\"https:\/\/inspanishmedia.com\/wp-content\/uploads\/2026\/04\/IMG_9845-1024x768.jpg 1024w, https:\/\/inspanishmedia.com\/wp-content\/uploads\/2026\/04\/IMG_9845-300x225.jpg 300w, https:\/\/inspanishmedia.com\/wp-content\/uploads\/2026\/04\/IMG_9845-768x576.jpg 768w, https:\/\/inspanishmedia.com\/wp-content\/uploads\/2026\/04\/IMG_9845-1536x1152.jpg 1536w, https:\/\/inspanishmedia.com\/wp-content\/uploads\/2026\/04\/IMG_9845-2048x1536.jpg 2048w, https:\/\/inspanishmedia.com\/wp-content\/uploads\/2026\/04\/IMG_9845-16x12.jpg 16w\" sizes=\"auto, (max-width: 1024px) 100vw, 1024px\" \/><\/figure><\/div>\n<\/div>\n\n\n\n<div class=\"wp-block-group alignfull is-style-ext-preset--group--natural-1--section has-tertiary-background-color has-background has-global-padding is-layout-constrained wp-container-core-group-is-layout-f72f1611 wp-block-group-is-layout-constrained\" id=\"gallery\" style=\"margin-top:0;margin-bottom:0;padding-top:var(--wp--preset--spacing--70);padding-bottom:var(--wp--preset--spacing--70)\">\n<div class=\"wp-block-group alignwide ext-is-logical-start has-global-padding is-content-justification-left is-layout-constrained wp-container-core-group-is-layout-6729bdbe wp-block-group-is-layout-constrained\">\n<h2 class=\"wp-block-heading ext-animate--on\">Descubre Nuestras Creaciones Biling\u00fces<\/h2>\n\n\n\n<p class=\"has-text-align-left ext-animate--on\">A continuaci\u00f3n algunos ejemplos de los momentos hist\u00f3ricos y especiales que hemos tenido la buena dicha de realizar sobre los a\u00f1os. Como pioneros de esta industria en el Medio Oeste estadounidense, hemos presenciado itos hist\u00f3ricos, momentos ins\u00f3litos y ayudado a empresas a formar su plan comunicativo de manera capaz y con profesionalismo.<\/p>\n<\/div>\n\n\n\n<div class=\"wp-block-columns alignwide are-vertically-aligned-top is-layout-flex wp-container-core-columns-is-layout-87beb0d0 wp-block-columns-is-layout-flex\">\n<div class=\"wp-block-column is-vertically-aligned-top ext-animate--on is-layout-flow wp-container-core-column-is-layout-f5bb311e wp-block-column-is-layout-flow\">\n<figure class=\"wp-block-image size-large is-style-ext-preset--image--natural-1--image-1--content-bottom is-style-ext-preset--image--natural-1--image-1--content-bottom--4\"><img loading=\"lazy\" decoding=\"async\" width=\"1024\" height=\"577\" src=\"https:\/\/inspanishmedia.com\/wp-content\/uploads\/2026\/04\/Screenshot-2026-04-08-at-1.14.07-AM-1024x577.png\" alt=\"Interview with Grammy Award Winning and Juno Award Winning Artist Alex Cuba - InSpanish Media.\" class=\"wp-image-185\" style=\"aspect-ratio:1;object-fit:cover\" srcset=\"https:\/\/inspanishmedia.com\/wp-content\/uploads\/2026\/04\/Screenshot-2026-04-08-at-1.14.07-AM-1024x577.png 1024w, https:\/\/inspanishmedia.com\/wp-content\/uploads\/2026\/04\/Screenshot-2026-04-08-at-1.14.07-AM-300x169.png 300w, https:\/\/inspanishmedia.com\/wp-content\/uploads\/2026\/04\/Screenshot-2026-04-08-at-1.14.07-AM-768x433.png 768w, https:\/\/inspanishmedia.com\/wp-content\/uploads\/2026\/04\/Screenshot-2026-04-08-at-1.14.07-AM-1536x865.png 1536w, https:\/\/inspanishmedia.com\/wp-content\/uploads\/2026\/04\/Screenshot-2026-04-08-at-1.14.07-AM-2048x1154.png 2048w, https:\/\/inspanishmedia.com\/wp-content\/uploads\/2026\/04\/Screenshot-2026-04-08-at-1.14.07-AM-18x10.png 18w\" sizes=\"auto, (max-width: 1024px) 100vw, 1024px\" \/><figcaption class=\"wp-element-caption\">Entrevista exclusiva con Alex Cuba \u2022 Ganador del Latin Grammy y Grammy.<\/figcaption><\/figure>\n\n\n\n<figure class=\"wp-block-image size-large is-style-ext-preset--image--natural-1--image-1--content-bottom is-style-ext-preset--image--natural-1--image-1--content-bottom--5\"><img loading=\"lazy\" decoding=\"async\" width=\"1024\" height=\"622\" src=\"https:\/\/inspanishmedia.com\/wp-content\/uploads\/2026\/04\/Screenshot-2026-04-08-at-12.21.39-AM-1024x622.png\" alt=\"LIVE STREAM - Latino Veteran Panel at the Soldiers Memorial in St. Louis, Missouri. by InSpanish Media\" class=\"wp-image-102\" style=\"aspect-ratio:1;object-fit:cover\" srcset=\"https:\/\/inspanishmedia.com\/wp-content\/uploads\/2026\/04\/Screenshot-2026-04-08-at-12.21.39-AM-1024x622.png 1024w, https:\/\/inspanishmedia.com\/wp-content\/uploads\/2026\/04\/Screenshot-2026-04-08-at-12.21.39-AM-300x182.png 300w, https:\/\/inspanishmedia.com\/wp-content\/uploads\/2026\/04\/Screenshot-2026-04-08-at-12.21.39-AM-768x466.png 768w, https:\/\/inspanishmedia.com\/wp-content\/uploads\/2026\/04\/Screenshot-2026-04-08-at-12.21.39-AM-1536x932.png 1536w, https:\/\/inspanishmedia.com\/wp-content\/uploads\/2026\/04\/Screenshot-2026-04-08-at-12.21.39-AM-2048x1243.png 2048w, https:\/\/inspanishmedia.com\/wp-content\/uploads\/2026\/04\/Screenshot-2026-04-08-at-12.21.39-AM-18x12.png 18w\" sizes=\"auto, (max-width: 1024px) 100vw, 1024px\" \/><figcaption class=\"wp-element-caption\">Panel de Veteranos Latinos en una charla hist\u00f3rica en el St. Louis Soldiers Memorial.<\/figcaption><\/figure>\n<\/div>\n\n\n\n<div class=\"wp-block-column is-vertically-aligned-top ext-animate--on is-layout-flow wp-container-core-column-is-layout-f5bb311e wp-block-column-is-layout-flow\">\n<figure class=\"wp-block-image size-large is-style-ext-preset--image--natural-1--image-1--content-bottom is-style-ext-preset--image--natural-1--image-1--content-bottom--6\"><img loading=\"lazy\" decoding=\"async\" width=\"1024\" height=\"596\" src=\"https:\/\/inspanishmedia.com\/wp-content\/uploads\/2026\/04\/Screenshot-2026-04-08-at-1.16.30-AM-1024x596.png\" alt=\"First Black Mayor of St. Louis - coverage by InSpanish Media via DiarioDigitalSTL.com\" class=\"wp-image-187\" style=\"aspect-ratio:1;object-fit:cover\" srcset=\"https:\/\/inspanishmedia.com\/wp-content\/uploads\/2026\/04\/Screenshot-2026-04-08-at-1.16.30-AM-1024x596.png 1024w, https:\/\/inspanishmedia.com\/wp-content\/uploads\/2026\/04\/Screenshot-2026-04-08-at-1.16.30-AM-300x174.png 300w, https:\/\/inspanishmedia.com\/wp-content\/uploads\/2026\/04\/Screenshot-2026-04-08-at-1.16.30-AM-768x447.png 768w, https:\/\/inspanishmedia.com\/wp-content\/uploads\/2026\/04\/Screenshot-2026-04-08-at-1.16.30-AM-1536x893.png 1536w, https:\/\/inspanishmedia.com\/wp-content\/uploads\/2026\/04\/Screenshot-2026-04-08-at-1.16.30-AM-2048x1191.png 2048w, https:\/\/inspanishmedia.com\/wp-content\/uploads\/2026\/04\/Screenshot-2026-04-08-at-1.16.30-AM-18x10.png 18w\" sizes=\"auto, (max-width: 1024px) 100vw, 1024px\" \/><figcaption class=\"wp-element-caption\">Elecci\u00f3n de Tishaura Jones, primera alcaldesa afrodescendiente de St. Louis.<\/figcaption><\/figure>\n\n\n\n<figure class=\"wp-block-image size-large is-style-ext-preset--image--natural-1--image-1--content-bottom is-style-ext-preset--image--natural-1--image-1--content-bottom--7\"><img loading=\"lazy\" decoding=\"async\" width=\"1024\" height=\"588\" src=\"https:\/\/inspanishmedia.com\/wp-content\/uploads\/2026\/04\/Screenshot-2026-04-08-at-12.30.49-AM-1024x588.png\" alt=\"\" class=\"wp-image-107\" style=\"aspect-ratio:1;object-fit:cover\" srcset=\"https:\/\/inspanishmedia.com\/wp-content\/uploads\/2026\/04\/Screenshot-2026-04-08-at-12.30.49-AM-1024x588.png 1024w, https:\/\/inspanishmedia.com\/wp-content\/uploads\/2026\/04\/Screenshot-2026-04-08-at-12.30.49-AM-300x172.png 300w, https:\/\/inspanishmedia.com\/wp-content\/uploads\/2026\/04\/Screenshot-2026-04-08-at-12.30.49-AM-768x441.png 768w, https:\/\/inspanishmedia.com\/wp-content\/uploads\/2026\/04\/Screenshot-2026-04-08-at-12.30.49-AM-1536x883.png 1536w, https:\/\/inspanishmedia.com\/wp-content\/uploads\/2026\/04\/Screenshot-2026-04-08-at-12.30.49-AM-2048x1177.png 2048w, https:\/\/inspanishmedia.com\/wp-content\/uploads\/2026\/04\/Screenshot-2026-04-08-at-12.30.49-AM-18x10.png 18w\" sizes=\"auto, (max-width: 1024px) 100vw, 1024px\" \/><figcaption class=\"wp-element-caption\">Cobertura del Show A\u00e9reo de Chesterfield por m\u00e1s de 10 a\u00f1os consecutivos.<\/figcaption><\/figure>\n<\/div>\n\n\n\n<div class=\"wp-block-column is-vertically-aligned-top ext-animate--on is-layout-flow wp-container-core-column-is-layout-f5bb311e wp-block-column-is-layout-flow\">\n<figure class=\"wp-block-image size-large is-style-ext-preset--image--natural-1--image-1--content-bottom is-style-ext-preset--image--natural-1--image-1--content-bottom--8\"><img loading=\"lazy\" decoding=\"async\" width=\"1024\" height=\"643\" src=\"https:\/\/inspanishmedia.com\/wp-content\/uploads\/2026\/04\/Screenshot-2026-04-08-at-12.23.00-AM-1-1024x643.png\" alt=\"\" class=\"wp-image-108\" style=\"aspect-ratio:1;object-fit:cover\" srcset=\"https:\/\/inspanishmedia.com\/wp-content\/uploads\/2026\/04\/Screenshot-2026-04-08-at-12.23.00-AM-1-1024x643.png 1024w, https:\/\/inspanishmedia.com\/wp-content\/uploads\/2026\/04\/Screenshot-2026-04-08-at-12.23.00-AM-1-300x189.png 300w, https:\/\/inspanishmedia.com\/wp-content\/uploads\/2026\/04\/Screenshot-2026-04-08-at-12.23.00-AM-1-768x483.png 768w, https:\/\/inspanishmedia.com\/wp-content\/uploads\/2026\/04\/Screenshot-2026-04-08-at-12.23.00-AM-1-1536x965.png 1536w, https:\/\/inspanishmedia.com\/wp-content\/uploads\/2026\/04\/Screenshot-2026-04-08-at-12.23.00-AM-1-2048x1287.png 2048w, https:\/\/inspanishmedia.com\/wp-content\/uploads\/2026\/04\/Screenshot-2026-04-08-at-12.23.00-AM-1-18x12.png 18w\" sizes=\"auto, (max-width: 1024px) 100vw, 1024px\" \/><figcaption class=\"wp-element-caption\">Video con mensaje especial del Abogado Richard Hein en Missouri.<\/figcaption><\/figure>\n\n\n\n<figure class=\"wp-block-image size-large is-style-ext-preset--image--natural-1--image-1--content-bottom is-style-ext-preset--image--natural-1--image-1--content-bottom--9\"><img loading=\"lazy\" decoding=\"async\" width=\"1024\" height=\"791\" src=\"https:\/\/inspanishmedia.com\/wp-content\/uploads\/2026\/04\/Screenshot-2026-04-08-at-12.12.52-AM-1024x791.png\" alt=\"\" class=\"wp-image-109\" style=\"aspect-ratio:1;object-fit:cover\" srcset=\"https:\/\/inspanishmedia.com\/wp-content\/uploads\/2026\/04\/Screenshot-2026-04-08-at-12.12.52-AM-1024x791.png 1024w, https:\/\/inspanishmedia.com\/wp-content\/uploads\/2026\/04\/Screenshot-2026-04-08-at-12.12.52-AM-300x232.png 300w, https:\/\/inspanishmedia.com\/wp-content\/uploads\/2026\/04\/Screenshot-2026-04-08-at-12.12.52-AM-768x593.png 768w, https:\/\/inspanishmedia.com\/wp-content\/uploads\/2026\/04\/Screenshot-2026-04-08-at-12.12.52-AM-1536x1186.png 1536w, https:\/\/inspanishmedia.com\/wp-content\/uploads\/2026\/04\/Screenshot-2026-04-08-at-12.12.52-AM-2048x1582.png 2048w, https:\/\/inspanishmedia.com\/wp-content\/uploads\/2026\/04\/Screenshot-2026-04-08-at-12.12.52-AM-16x12.png 16w\" sizes=\"auto, (max-width: 1024px) 100vw, 1024px\" \/><figcaption class=\"wp-element-caption\">Concierto en Vivo con Carlos Nu\u00f1ez.<\/figcaption><\/figure>\n<\/div>\n<\/div>\n<\/div>\n\n\n\n<div class=\"wp-block-group alignfull is-style-ext-preset--group--natural-1--section has-background-background-color has-background has-global-padding is-layout-constrained wp-container-core-group-is-layout-e955bbaf wp-block-group-is-layout-constrained\" style=\"margin-top:0;margin-bottom:0;padding-top:var(--wp--preset--spacing--70);padding-bottom:var(--wp--preset--spacing--70)\">\n<h2 class=\"wp-block-heading has-text-align-center ext-animate--on\">Hist\u00f3rias Mostrando Nuestro Impacto<\/h2>\n\n\n\n<p class=\"has-text-align-center ext-animate--on\" style=\"margin-top:1.5rem\">Descubre nuestro proceso de concepto a ejecuci\u00f3n, asegurando que nuestros clientes reciban soluciones creativas eficaces y a la medida.<\/p>\n\n\n\n<div class=\"wp-block-columns alignwide are-vertically-aligned-center is-layout-flex wp-container-core-columns-is-layout-174606dc wp-block-columns-is-layout-flex\">\n<div class=\"wp-block-column is-vertically-aligned-center ext-animate--on is-layout-flow wp-block-column-is-layout-flow\">\n<h3 class=\"wp-block-heading ext-animate--on\">Como el dise\u00f1o de un P\u00f3ster se convirti\u00f3 en la \"Cara\" de un Festival de Cine<\/h3>\n\n\n\n<p class=\"ext-animate--on\" style=\"margin-top:1.5rem\">El Festival Latino de Cine de Chicago es uno de los cert\u00e1menes de cine latino m\u00e1s longevos en Norte Am\u00e9rica. Por 40 a\u00f1os, el Festival a levantado las voces de las artes cinematogr\u00e1ficas y de cineastas, trayendo cine latino e iberoamericano de vanguardia a Chicago. En el 2024, un dise\u00f1o de InSpanish Media se convertir\u00eda en la 'cara' del festival, marcando su marketing y publicidad en pancartas, p\u00f3steres, materiales de promoci\u00f3n, pantallas y cobertura medi\u00e1tica.<\/p>\n<\/div>\n\n\n\n<div class=\"wp-block-column is-vertically-aligned-center ext-animate--on is-layout-flow wp-block-column-is-layout-flow\">\n<figure class=\"wp-block-image size-large is-style-ext-preset--image--natural-1--image-1--content-left is-style-ext-preset--image--natural-1--image-1--content-left--11\"><img loading=\"lazy\" decoding=\"async\" width=\"724\" height=\"1024\" src=\"https:\/\/inspanishmedia.com\/wp-content\/uploads\/2026\/04\/Screenshot-2026-02-11-at-5.35.28-PM-724x1024.png\" alt=\"\" class=\"wp-image-86\" style=\"aspect-ratio:4\/3;object-fit:cover\" srcset=\"https:\/\/inspanishmedia.com\/wp-content\/uploads\/2026\/04\/Screenshot-2026-02-11-at-5.35.28-PM-724x1024.png 724w, https:\/\/inspanishmedia.com\/wp-content\/uploads\/2026\/04\/Screenshot-2026-02-11-at-5.35.28-PM-212x300.png 212w, https:\/\/inspanishmedia.com\/wp-content\/uploads\/2026\/04\/Screenshot-2026-02-11-at-5.35.28-PM-768x1086.png 768w, https:\/\/inspanishmedia.com\/wp-content\/uploads\/2026\/04\/Screenshot-2026-02-11-at-5.35.28-PM-8x12.png 8w, https:\/\/inspanishmedia.com\/wp-content\/uploads\/2026\/04\/Screenshot-2026-02-11-at-5.35.28-PM.png 912w\" sizes=\"auto, (max-width: 724px) 100vw, 724px\" \/><\/figure>\n<\/div>\n<\/div>\n\n\n\n<div class=\"wp-block-columns alignwide are-vertically-aligned-center is-layout-flex wp-container-core-columns-is-layout-ed161d23 wp-block-columns-is-layout-flex\" style=\"margin-top:var(--wp--preset--spacing--50)\">\n<div class=\"wp-block-column is-vertically-aligned-center ext-animate--on is-layout-flow wp-block-column-is-layout-flow\">\n<figure class=\"wp-block-image size-large is-style-ext-preset--image--natural-1--image-1--content-right is-style-ext-preset--image--natural-1--image-1--content-right--12\"><img loading=\"lazy\" decoding=\"async\" width=\"1024\" height=\"645\" src=\"https:\/\/inspanishmedia.com\/wp-content\/uploads\/2026\/04\/Screenshot-2026-04-07-at-11.59.05-PM-1024x645.png\" alt=\"Pascuala Ilabaca in Concert - Video By InSpanish Media\" class=\"wp-image-95\" style=\"aspect-ratio:4\/3;object-fit:cover\" srcset=\"https:\/\/inspanishmedia.com\/wp-content\/uploads\/2026\/04\/Screenshot-2026-04-07-at-11.59.05-PM-1024x645.png 1024w, https:\/\/inspanishmedia.com\/wp-content\/uploads\/2026\/04\/Screenshot-2026-04-07-at-11.59.05-PM-300x189.png 300w, https:\/\/inspanishmedia.com\/wp-content\/uploads\/2026\/04\/Screenshot-2026-04-07-at-11.59.05-PM-768x484.png 768w, https:\/\/inspanishmedia.com\/wp-content\/uploads\/2026\/04\/Screenshot-2026-04-07-at-11.59.05-PM-1536x968.png 1536w, https:\/\/inspanishmedia.com\/wp-content\/uploads\/2026\/04\/Screenshot-2026-04-07-at-11.59.05-PM-2048x1291.png 2048w, https:\/\/inspanishmedia.com\/wp-content\/uploads\/2026\/04\/Screenshot-2026-04-07-at-11.59.05-PM-18x12.png 18w\" sizes=\"auto, (max-width: 1024px) 100vw, 1024px\" \/><\/figure>\n<\/div>\n\n\n\n<div class=\"wp-block-column is-vertically-aligned-center ext-animate--on is-layout-flow wp-block-column-is-layout-flow\">\n<h3 class=\"wp-block-heading ext-animate--on\">Conciertos en VIVO y Grabados<\/h3>\n\n\n\n<p class=\"ext-animate--on\" style=\"margin-top:1.5rem\">El Centro Cultural Internacional es una organizaci\u00f3n sin \u00e1nimo de lucro que programa artistas musicales, de danza y teatro pan-latinos. Su popular Serie de M\u00fasica Latino pone en exposici\u00f3n la diversidad y rango de estos artistas que representan la vanguardia de las artes latinas en la actualidad. Videos y transmisiones en vivo ayudan en amplificar el entendimiento de estos artistas e introducir su arte a nuevas audiencias en Estados Unidos. Para preservar algunas de estas hist\u00f3ricas actuaciones, InSpanish Media fue contratada para captar las im\u00e1genes y v\u00eddeo de no solo los conciertos sino entrevistas exclusivas con estos grandes art\u00edstas. <em>Esta<\/em>. In order to preserve some of the performances, InSpanish Media was hired to capture in video not only the performances but interviews with the artists themselves, creating a historical record of performances in this venerable program.<\/p>\n<\/div>\n<\/div>\n\n\n\n<div class=\"wp-block-columns alignwide are-vertically-aligned-center is-layout-flex wp-container-core-columns-is-layout-ed161d23 wp-block-columns-is-layout-flex\" style=\"margin-top:var(--wp--preset--spacing--50)\">\n<div class=\"wp-block-column is-vertically-aligned-center ext-animate--on is-layout-flow wp-block-column-is-layout-flow\">\n<h3 class=\"wp-block-heading ext-animate--on\">Eventos Medi\u00e1ticos de Prensa y Presentaciones Corporativas<\/h3>\n\n\n\n<p class=\"ext-animate--on\" style=\"margin-top:1.5rem\">El despliegue r\u00e1pido de camaras durante un evento noticioso es una de nuestras especialidades principales. Como periodista y operador de c\u00e1mara, InSpanish Media entrega cobertura en vivo desde el lugar de los hechos, apoyo medi\u00e1tico, entrevistas en c\u00e1mara y apoyo a salas de prensa en Ingl\u00e9s y Espa\u00f1ol. \n\nInSpanish Media es un pionero en el desarrollo de medios de habla hispana y actualmente maneja Diario Digital Noticias - la primera plataforma profesional de noticias sirviendo a comunidades de habla hispana que a menudo carecen de acceso a informaci\u00f3n confiable. Operando desde el 2009.<\/p>\n\n\n\n<p class=\"ext-animate--on\" style=\"margin-top:1.5rem\">InSpanish Media has been a pioneer in ethnic media development and currently manages Diario Digital Noticias \u2014 the Midwest&#8217;s first professional online news organization serving Spanish-speaking communities that have long been underserved by mainstream media. In operation since 2009.<\/p>\n<\/div>\n\n\n\n<div class=\"wp-block-column is-vertically-aligned-center ext-animate--on is-layout-flow wp-block-column-is-layout-flow\">\n<figure class=\"wp-block-image size-large is-style-ext-preset--image--natural-1--image-1--content-left is-style-ext-preset--image--natural-1--image-1--content-left--13\"><img loading=\"lazy\" decoding=\"async\" width=\"1024\" height=\"608\" src=\"https:\/\/inspanishmedia.com\/wp-content\/uploads\/2026\/04\/Screenshot-2026-04-08-at-10.18.51-AM-1024x608.png\" alt=\"Kevin Kostner at a Film Premiere in St. Louis. InSpanish Media \" class=\"wp-image-323\" style=\"aspect-ratio:4\/3;object-fit:cover\" srcset=\"https:\/\/inspanishmedia.com\/wp-content\/uploads\/2026\/04\/Screenshot-2026-04-08-at-10.18.51-AM-1024x608.png 1024w, https:\/\/inspanishmedia.com\/wp-content\/uploads\/2026\/04\/Screenshot-2026-04-08-at-10.18.51-AM-300x178.png 300w, https:\/\/inspanishmedia.com\/wp-content\/uploads\/2026\/04\/Screenshot-2026-04-08-at-10.18.51-AM-768x456.png 768w, https:\/\/inspanishmedia.com\/wp-content\/uploads\/2026\/04\/Screenshot-2026-04-08-at-10.18.51-AM-1536x912.png 1536w, https:\/\/inspanishmedia.com\/wp-content\/uploads\/2026\/04\/Screenshot-2026-04-08-at-10.18.51-AM-2048x1215.png 2048w, https:\/\/inspanishmedia.com\/wp-content\/uploads\/2026\/04\/Screenshot-2026-04-08-at-10.18.51-AM-18x12.png 18w\" sizes=\"auto, (max-width: 1024px) 100vw, 1024px\" \/><\/figure>\n<\/div>\n<\/div>\n\n\n\n<div class=\"wp-block-buttons ext-animate--on is-content-justification-center is-layout-flex wp-container-core-buttons-is-layout-a89b3969 wp-block-buttons-is-layout-flex\">\n<div class=\"wp-block-button is-style-ext-preset--button--natural-1--button-1 is-style-ext-preset--button--natural-1--button-1--14\"><a class=\"wp-block-button__link wp-element-button\" href=\"https:\/\/inspanishmedia.com\/es_es\/contact\/\">Ver Nuestra Hoja de Trabajo<\/a><\/div>\n<\/div>\n<\/div>","protected":false},"excerpt":{"rendered":"<p>We Are Media Producers Visual Content Creators and Pioneers in Spanish Language Media Since 1997, Executive Producer James Klein has been at the forefront of Spanish-language media \u2014 from pioneering radio broadcasts and print journalism to visual news gathering in video and photo. An award-winning graphic designer, Klein has worked alongside Grammy-winning artists in cultural [&hellip;]<\/p>\n","protected":false},"author":1,"featured_media":0,"parent":0,"menu_order":0,"comment_status":"closed","ping_status":"closed","template":"page-with-title","meta":{"footnotes":""},"class_list":["post-27","page","type-page","status-publish","hentry"],"jetpack_sharing_enabled":true,"_links":{"self":[{"href":"https:\/\/inspanishmedia.com\/es_es\/wp-json\/wp\/v2\/pages\/27","targetHints":{"allow":["GET"]}}],"collection":[{"href":"https:\/\/inspanishmedia.com\/es_es\/wp-json\/wp\/v2\/pages"}],"about":[{"href":"https:\/\/inspanishmedia.com\/es_es\/wp-json\/wp\/v2\/types\/page"}],"author":[{"embeddable":true,"href":"https:\/\/inspanishmedia.com\/es_es\/wp-json\/wp\/v2\/users\/1"}],"replies":[{"embeddable":true,"href":"https:\/\/inspanishmedia.com\/es_es\/wp-json\/wp\/v2\/comments?post=27"}],"version-history":[{"count":77,"href":"https:\/\/inspanishmedia.com\/es_es\/wp-json\/wp\/v2\/pages\/27\/revisions"}],"predecessor-version":[{"id":326,"href":"https:\/\/inspanishmedia.com\/es_es\/wp-json\/wp\/v2\/pages\/27\/revisions\/326"}],"wp:attachment":[{"href":"https:\/\/inspanishmedia.com\/es_es\/wp-json\/wp\/v2\/media?parent=27"}],"curies":[{"name":"wp","href":"https:\/\/api.w.org\/{rel}","templated":true}]}}